{"id":26,"date":"2022-08-01T11:38:22","date_gmt":"2022-08-01T09:38:22","guid":{"rendered":"http:\/\/badanie.starmail.pl\/?page_id=26"},"modified":"2025-07-01T22:16:07","modified_gmt":"2025-07-01T20:16:07","slug":"strona-glowna","status":"publish","type":"page","link":"https:\/\/adameddlarodziny.com\/","title":{"rendered":"Strona g\u0142\u00f3wna"},"content":{"rendered":"<p><!--\n\n\n<div class=\"w-full md:full\"><a href=\"https:\/\/www.adamed.expert\/pacjent\" target=\"_blank\" rel=\"noopener\"><img decoding=\"async\" class=\"alignnone size-medium mt-4 mb-16 wp-image-70\" src=\"https:\/\/adameddlarodziny.com\/wp-content\/uploads\/2022\/10\/Adamed-Expert_Pacjent_banner_1300x300px_3wersja.jpg\" alt=\"Adamed Expert\" width=\"100%\"><\/a><\/div>\n\n\n--><\/p>\n<div class=\"flex md:space-x-8 flex-wrap md:flex-nowrap\">\n<div class=\"w-full md:w-5\/12\"><img decoding=\"async\" class=\"alignnone size-medium pt-2 wp-image-70\" src=\"\/wp-content\/uploads\/2022\/12\/ADAMED_Family_RGB.jpg\" alt=\"Adamed dla rodziny\" width=\"100%\"><\/div>\n<div class=\"w-full md:w-1\/12 hidden md:block\">&nbsp;<\/div>\n<div class=\"w-full md:w-6\/12\">\n<h1 class=\"text-left\">O Akcji<\/h1>\n<p>Adamed Dla Rodziny \u2013 to kampania firmy Adamed Pharma S.A. umo\u017cliwiaj\u0105ca dost\u0119p do bada\u0144 i porad medycznych na terenie ca\u0142ego kraju.<\/p>\n<p>Sze\u015b\u0107 miejscowo\u015bci, w kt\u00f3rych dost\u0119p do lekarza czy us\u0142ug medycznych jest utrudniony ze wzgl\u0119du na wyd\u0142u\u017cony czas oczekiwania na wizyt\u0119, znalaz\u0142o si\u0119 na mapie programu zainicjowanego przez Adamed.<\/p>\n<p>Kampania jest odpowiedzi\u0105 na oczekiwania spo\u0142eczne oraz zobowi\u0105zaniem firmy do dalszego wspierania polskich pacjent\u00f3w w trosce o zdrowie i \u017cycie.<\/p>\n<h3 class=\"pt-4\">Cel akcji<\/h3>\n<ul>\n<li>zwi\u0119kszenie dost\u0119pno\u015bci do us\u0142ug medycznych, zar\u00f3wno bada\u0144, jak i konsultacji w miejscowo\u015bciach, gdzie jest to najbardziej potrzebne ze wzgl\u0119du na ograniczon\u0105 dost\u0119pno\u015b\u0107 (odleg\u0142e terminy i\/lub brak specjalist\u00f3w)<\/li>\n<li>polepszenie kondycji zdrowotnej Polak\u00f3w<\/li>\n<li>zmniejszenie d\u0142ugu zdrowotnego<\/li>\n<\/ul>\n<p><a class=\"a-button\" href=\"\/index.php\/o-akcji\/\">Czytaj wi\u0119cej<\/a><\/p>\n<\/div>\n<\/div>\n","protected":false},"excerpt":{"rendered":"<p>&nbsp; O Akcji Adamed Dla Rodziny \u2013 to kampania firmy Adamed Pharma S.A. umo\u017cliwiaj\u0105ca dost\u0119p do bada\u0144 i porad medycznych na terenie ca\u0142ego kraju. Sze\u015b\u0107 miejscowo\u015bci, w kt\u00f3rych dost\u0119p do lekarza czy us\u0142ug medycznych jest utrudniony ze wzgl\u0119du na wyd\u0142u\u017cony czas oczekiwania na wizyt\u0119, znalaz\u0142o si\u0119 na mapie programu zainicjowanego przez Adamed. Kampania jest odpowiedzi\u0105 [&hellip;]<\/p>\n","protected":false},"author":4,"featured_media":0,"parent":0,"menu_order":0,"comment_status":"closed","ping_status":"closed","template":"","meta":{"ngg_post_thumbnail":0,"footnotes":""},"class_list":["post-26","page","type-page","status-publish","hentry"],"acf":[],"_links":{"self":[{"href":"https:\/\/adameddlarodziny.com\/index.php\/wp-json\/wp\/v2\/pages\/26","targetHints":{"allow":["GET"]}}],"collection":[{"href":"https:\/\/adameddlarodziny.com\/index.php\/wp-json\/wp\/v2\/pages"}],"about":[{"href":"https:\/\/adameddlarodziny.com\/index.php\/wp-json\/wp\/v2\/types\/page"}],"author":[{"embeddable":true,"href":"https:\/\/adameddlarodziny.com\/index.php\/wp-json\/wp\/v2\/users\/4"}],"replies":[{"embeddable":true,"href":"https:\/\/adameddlarodziny.com\/index.php\/wp-json\/wp\/v2\/comments?post=26"}],"version-history":[{"count":64,"href":"https:\/\/adameddlarodziny.com\/index.php\/wp-json\/wp\/v2\/pages\/26\/revisions"}],"predecessor-version":[{"id":1267,"href":"https:\/\/adameddlarodziny.com\/index.php\/wp-json\/wp\/v2\/pages\/26\/revisions\/1267"}],"wp:attachment":[{"href":"https:\/\/adameddlarodziny.com\/index.php\/wp-json\/wp\/v2\/media?parent=26"}],"curies":[{"name":"wp","href":"https:\/\/api.w.org\/{rel}","templated":true}]}}